{"id":851,"date":"2023-05-25T11:57:51","date_gmt":"2023-05-25T11:57:51","guid":{"rendered":"https:\/\/dunaslivres.pt\/?page_id=851"},"modified":"2025-03-06T21:50:56","modified_gmt":"2025-03-06T21:50:56","slug":"comunicados","status":"publish","type":"page","link":"https:\/\/dunaslivres.pt\/en\/comunicados\/","title":{"rendered":"Press releases"},"content":{"rendered":"<div data-elementor-type=\"wp-page\" data-elementor-id=\"851\" class=\"elementor elementor-851\">\n\t\t\t\t<div class=\"elementor-element elementor-element-a8ed1be e-flex e-con-boxed e-con e-parent\" data-id=\"a8ed1be\" data-element_type=\"container\" data-e-type=\"container\">\n\t\t\t\t\t<div class=\"e-con-inner\">\n\t\t\t\t<div class=\"elementor-element elementor-element-740bcee elementor-widget elementor-widget-heading\" data-id=\"740bcee\" data-element_type=\"widget\" data-e-type=\"widget\" data-widget_type=\"heading.default\">\n\t\t\t\t<div class=\"elementor-widget-container\">\n\t\t\t\t\t<h2 class=\"elementor-heading-title elementor-size-medium\">::: PRESS RELEASES :::<\/h2>\t\t\t\t<\/div>\n\t\t\t\t<\/div>\n\t\t\t\t<div class=\"elementor-element elementor-element-f9e7db7 elementor-widget-divider--view-line elementor-widget elementor-widget-divider\" data-id=\"f9e7db7\" data-element_type=\"widget\" data-e-type=\"widget\" data-widget_type=\"divider.default\">\n\t\t\t\t<div class=\"elementor-widget-container\">\n\t\t\t\t\t\t\t<div class=\"elementor-divider\">\n\t\t\t<span class=\"elementor-divider-separator\">\n\t\t\t\t\t\t<\/span>\n\t\t<\/div>\n\t\t\t\t\t\t<\/div>\n\t\t\t\t<\/div>\n\t\t\t\t\t<\/div>\n\t\t\t\t<\/div>\n\t\t<div class=\"elementor-element elementor-element-4b99034 e-flex e-con-boxed e-con e-parent\" data-id=\"4b99034\" data-element_type=\"container\" data-e-type=\"container\">\n\t\t\t\t\t<div class=\"e-con-inner\">\n\t\t\t\t<div class=\"elementor-element elementor-element-d296410 elementor-grid-3 elementor-grid-tablet-2 elementor-grid-mobile-1 elementor-posts--thumbnail-top elementor-widget elementor-widget-posts\" data-id=\"d296410\" data-element_type=\"widget\" data-e-type=\"widget\" data-settings=\"{&quot;pagination_type&quot;:&quot;prev_next&quot;,&quot;classic_columns&quot;:&quot;3&quot;,&quot;classic_columns_tablet&quot;:&quot;2&quot;,&quot;classic_columns_mobile&quot;:&quot;1&quot;,&quot;classic_row_gap&quot;:{&quot;unit&quot;:&quot;px&quot;,&quot;size&quot;:35,&quot;sizes&quot;:[]},&quot;classic_row_gap_tablet&quot;:{&quot;unit&quot;:&quot;px&quot;,&quot;size&quot;:&quot;&quot;,&quot;sizes&quot;:[]},&quot;classic_row_gap_mobile&quot;:{&quot;unit&quot;:&quot;px&quot;,&quot;size&quot;:&quot;&quot;,&quot;sizes&quot;:[]}}\" data-widget_type=\"posts.classic\">\n\t\t\t\t<div class=\"elementor-widget-container\">\n\t\t\t\t\t\t\t<div class=\"elementor-posts-container elementor-posts elementor-posts--skin-classic elementor-grid\">\n\t\t\t\t<article class=\"elementor-post elementor-grid-item post-977 post type-post status-publish format-standard has-post-thumbnail hentry category-comunicados\">\n\t\t\t\t<a class=\"elementor-post__thumbnail__link\" href=\"https:\/\/dunaslivres.pt\/en\/o-ponto-de-situacao-do-caso-legal-do-conjunto-turistico-na-praia\/\" >\n\t\t\t<div class=\"elementor-post__thumbnail\"><img fetchpriority=\"high\" decoding=\"async\" width=\"1024\" height=\"683\" src=\"https:\/\/dunaslivres.pt\/wp-content\/uploads\/2024\/01\/DSC02831-1024x683.jpeg\" class=\"attachment-large size-large wp-image-1037\" alt=\"\" srcset=\"https:\/\/dunaslivres.pt\/wp-content\/uploads\/2024\/01\/DSC02831-1024x683.jpeg 1024w, https:\/\/dunaslivres.pt\/wp-content\/uploads\/2024\/01\/DSC02831-300x200.jpeg 300w, https:\/\/dunaslivres.pt\/wp-content\/uploads\/2024\/01\/DSC02831-768x512.jpeg 768w, https:\/\/dunaslivres.pt\/wp-content\/uploads\/2024\/01\/DSC02831-1536x1024.jpeg 1536w, https:\/\/dunaslivres.pt\/wp-content\/uploads\/2024\/01\/DSC02831-2048x1365.jpeg 2048w, https:\/\/dunaslivres.pt\/wp-content\/uploads\/2024\/01\/DSC02831-18x12.jpeg 18w\" sizes=\"(max-width: 1024px) 100vw, 1024px\" \/><\/div>\n\t\t<\/a>\n\t\t\t\t<div class=\"elementor-post__text\">\n\t\t\t\t<h3 class=\"elementor-post__title\">\n\t\t\t<a href=\"https:\/\/dunaslivres.pt\/en\/o-ponto-de-situacao-do-caso-legal-do-conjunto-turistico-na-praia\/\" >\n\t\t\t\tO ponto de situa\u00e7\u00e3o do caso legal do conjunto tur\u00edstico &#8220;Na Praia&#8221;\t\t\t<\/a>\n\t\t<\/h3>\n\t\t\t\t<div class=\"elementor-post__meta-data\">\n\t\t\t\t\t<span class=\"elementor-post-date\">\n\t\t\tJanuary 30, 2024\t\t<\/span>\n\t\t\t\t<\/div>\n\t\t\t\t<div class=\"elementor-post__excerpt\">\n\t\t\t<p>Ass. Dunas Livres, Janeiro de 2024 A Associa\u00e7\u00e3o Dunas Livres \u00e9 uma associa\u00e7\u00e3o de ativismo ambiental que se dedica a proteger a costa entre Tr\u00f3ia<\/p>\n\t\t<\/div>\n\t\t\n\t\t<a class=\"elementor-post__read-more\" href=\"https:\/\/dunaslivres.pt\/en\/o-ponto-de-situacao-do-caso-legal-do-conjunto-turistico-na-praia\/\" aria-label=\"Read more about O ponto de situa\u00e7\u00e3o do caso legal do conjunto tur\u00edstico &#8220;Na Praia&#8221;\" >\n\t\t\tRead more...\t\t<\/a>\n\n\t\t\t\t<\/div>\n\t\t\t\t<\/article>\n\t\t\t\t<article class=\"elementor-post elementor-grid-item post-741 post type-post status-publish format-standard has-post-thumbnail hentry category-comunicados\">\n\t\t\t\t<a class=\"elementor-post__thumbnail__link\" href=\"https:\/\/dunaslivres.pt\/en\/carta-aberta-resposta-da-associacao-dunas-livres-ao-esclarecimento-da-camara-municipal-de-grandola\/\" >\n\t\t\t<div class=\"elementor-post__thumbnail\"><img decoding=\"async\" width=\"1024\" height=\"395\" src=\"https:\/\/dunaslivres.pt\/wp-content\/uploads\/2023\/05\/image-3-1024x395.png\" class=\"attachment-large size-large wp-image-747\" alt=\"\" srcset=\"https:\/\/dunaslivres.pt\/wp-content\/uploads\/2023\/05\/image-3-1024x395.png 1024w, https:\/\/dunaslivres.pt\/wp-content\/uploads\/2023\/05\/image-3-300x116.png 300w, https:\/\/dunaslivres.pt\/wp-content\/uploads\/2023\/05\/image-3-768x296.png 768w, https:\/\/dunaslivres.pt\/wp-content\/uploads\/2023\/05\/image-3-1536x592.png 1536w, https:\/\/dunaslivres.pt\/wp-content\/uploads\/2023\/05\/image-3.png 1807w\" sizes=\"(max-width: 1024px) 100vw, 1024px\" \/><\/div>\n\t\t<\/a>\n\t\t\t\t<div class=\"elementor-post__text\">\n\t\t\t\t<h3 class=\"elementor-post__title\">\n\t\t\t<a href=\"https:\/\/dunaslivres.pt\/en\/carta-aberta-resposta-da-associacao-dunas-livres-ao-esclarecimento-da-camara-municipal-de-grandola\/\" >\n\t\t\t\tResposta da Associa\u00e7\u00e3o Dunas Livres ao\u00a0Esclarecimento da C\u00e2mara Municipal de Gr\u00e2ndola\t\t\t<\/a>\n\t\t<\/h3>\n\t\t\t\t<div class=\"elementor-post__meta-data\">\n\t\t\t\t\t<span class=\"elementor-post-date\">\n\t\t\tMay 24, 2023\t\t<\/span>\n\t\t\t\t<\/div>\n\t\t\t\t<div class=\"elementor-post__excerpt\">\n\t\t\t<p>O \u00fanico esclarecimento aceit\u00e1vel da parte da CMG sobre a \u00e1gua \u00e9 a apresenta\u00e7\u00e3o \u00e0 popula\u00e7\u00e3o de um estudo t\u00e9cnico completo, e independente, sobre o actual estado quantitativo e qualitativo dos aqu\u00edferos no concelho que assegure que os recursos h\u00eddricos est\u00e3o efectivamente a ser preservados &#8211; e n\u00e3o a diminuir vertiginosamente, como o senso comum a todos dita. <\/p>\n\t\t<\/div>\n\t\t\n\t\t<a class=\"elementor-post__read-more\" href=\"https:\/\/dunaslivres.pt\/en\/carta-aberta-resposta-da-associacao-dunas-livres-ao-esclarecimento-da-camara-municipal-de-grandola\/\" aria-label=\"Read more about Resposta da Associa\u00e7\u00e3o Dunas Livres ao\u00a0Esclarecimento da C\u00e2mara Municipal de Gr\u00e2ndola\" >\n\t\t\tRead more...\t\t<\/a>\n\n\t\t\t\t<\/div>\n\t\t\t\t<\/article>\n\t\t\t\t<article class=\"elementor-post elementor-grid-item post-960 post type-post status-publish format-standard has-post-thumbnail hentry category-comunicados\">\n\t\t\t\t<a class=\"elementor-post__thumbnail__link\" href=\"https:\/\/dunaslivres.pt\/en\/carta-aberta-pela-preservacao-do-patrimonio-natural-da-peninsula-de-troiacarta-aberta\/\" >\n\t\t\t<div class=\"elementor-post__thumbnail\"><img decoding=\"async\" width=\"1024\" height=\"768\" src=\"https:\/\/dunaslivres.pt\/wp-content\/uploads\/2024\/03\/225961691_331551311942290_5577271676207201735_n-1024x768.jpg\" class=\"attachment-large size-large wp-image-953\" alt=\"\" srcset=\"https:\/\/dunaslivres.pt\/wp-content\/uploads\/2024\/03\/225961691_331551311942290_5577271676207201735_n-1024x768.jpg 1024w, https:\/\/dunaslivres.pt\/wp-content\/uploads\/2024\/03\/225961691_331551311942290_5577271676207201735_n-300x225.jpg 300w, https:\/\/dunaslivres.pt\/wp-content\/uploads\/2024\/03\/225961691_331551311942290_5577271676207201735_n-768x576.jpg 768w, https:\/\/dunaslivres.pt\/wp-content\/uploads\/2024\/03\/225961691_331551311942290_5577271676207201735_n-1536x1153.jpg 1536w, https:\/\/dunaslivres.pt\/wp-content\/uploads\/2024\/03\/225961691_331551311942290_5577271676207201735_n-16x12.jpg 16w, https:\/\/dunaslivres.pt\/wp-content\/uploads\/2024\/03\/225961691_331551311942290_5577271676207201735_n.jpg 1919w\" sizes=\"(max-width: 1024px) 100vw, 1024px\" \/><\/div>\n\t\t<\/a>\n\t\t\t\t<div class=\"elementor-post__text\">\n\t\t\t\t<h3 class=\"elementor-post__title\">\n\t\t\t<a href=\"https:\/\/dunaslivres.pt\/en\/carta-aberta-pela-preservacao-do-patrimonio-natural-da-peninsula-de-troiacarta-aberta\/\" >\n\t\t\t\tPela Preserva\u00e7\u00e3o do Patrim\u00f3nio Natural da Pen\u00ednsula de Tr\u00f3ia\t\t\t<\/a>\n\t\t<\/h3>\n\t\t\t\t<div class=\"elementor-post__meta-data\">\n\t\t\t\t\t<span class=\"elementor-post-date\">\n\t\t\tSeptember 9, 2020\t\t<\/span>\n\t\t\t\t<\/div>\n\t\t\t\t<div class=\"elementor-post__excerpt\">\n\t\t\t<p>Dunas Livres Movement, September 2020. The Dunas Livres Association wrote this letter to express the concerns, priorities and informed opinions of a citizen group...<\/p>\n\t\t<\/div>\n\t\t\n\t\t<a class=\"elementor-post__read-more\" href=\"https:\/\/dunaslivres.pt\/en\/carta-aberta-pela-preservacao-do-patrimonio-natural-da-peninsula-de-troiacarta-aberta\/\" aria-label=\"Read more about Pela Preserva\u00e7\u00e3o do Patrim\u00f3nio Natural da Pen\u00ednsula de Tr\u00f3ia\" >\n\t\t\tRead more...\t\t<\/a>\n\n\t\t\t\t<\/div>\n\t\t\t\t<\/article>\n\t\t\t\t<article class=\"elementor-post elementor-grid-item post-751 post type-post status-publish format-standard has-post-thumbnail hentry category-comunicados\">\n\t\t\t\t<a class=\"elementor-post__thumbnail__link\" href=\"https:\/\/dunaslivres.pt\/en\/apresentacao-do-movimento-dunas-livres\/\" >\n\t\t\t<div class=\"elementor-post__thumbnail\"><img loading=\"lazy\" decoding=\"async\" width=\"1024\" height=\"682\" src=\"https:\/\/dunaslivres.pt\/wp-content\/uploads\/2023\/05\/foto-landscape-1024x682.jpeg\" class=\"attachment-large size-large wp-image-753\" alt=\"\" srcset=\"https:\/\/dunaslivres.pt\/wp-content\/uploads\/2023\/05\/foto-landscape-1024x682.jpeg 1024w, https:\/\/dunaslivres.pt\/wp-content\/uploads\/2023\/05\/foto-landscape-300x200.jpeg 300w, https:\/\/dunaslivres.pt\/wp-content\/uploads\/2023\/05\/foto-landscape-768x512.jpeg 768w, https:\/\/dunaslivres.pt\/wp-content\/uploads\/2023\/05\/foto-landscape-1536x1023.jpeg 1536w, https:\/\/dunaslivres.pt\/wp-content\/uploads\/2023\/05\/foto-landscape.jpeg 1920w\" sizes=\"(max-width: 1024px) 100vw, 1024px\" \/><\/div>\n\t\t<\/a>\n\t\t\t\t<div class=\"elementor-post__text\">\n\t\t\t\t<h3 class=\"elementor-post__title\">\n\t\t\t<a href=\"https:\/\/dunaslivres.pt\/en\/apresentacao-do-movimento-dunas-livres\/\" >\n\t\t\t\tApresenta\u00e7\u00e3o do Movimento Dunas Livres\t\t\t<\/a>\n\t\t<\/h3>\n\t\t\t\t<div class=\"elementor-post__meta-data\">\n\t\t\t\t\t<span class=\"elementor-post-date\">\n\t\t\tJune 23, 2020\t\t<\/span>\n\t\t\t\t<\/div>\n\t\t\t\t<div class=\"elementor-post__excerpt\">\n\t\t\t<p>Sabias que as incr\u00edveis dunas que se estendem de Tr\u00f3ia a Sines s\u00e3o uma das \u00faltimas zonas do litoral ib\u00e9rico ainda preservada?<\/p>\n<p>Contudo, encontram-se atualmente amea\u00e7adas por v\u00e1rios projetos imobili\u00e1rios e de turismo de luxo, nomeadamente resorts tur\u00edsticos e campos de golf.<\/p>\n\t\t<\/div>\n\t\t\n\t\t<a class=\"elementor-post__read-more\" href=\"https:\/\/dunaslivres.pt\/en\/apresentacao-do-movimento-dunas-livres\/\" aria-label=\"Read more about Apresenta\u00e7\u00e3o do Movimento Dunas Livres\" >\n\t\t\tRead more...\t\t<\/a>\n\n\t\t\t\t<\/div>\n\t\t\t\t<\/article>\n\t\t\t\t<\/div>\n\t\t\n\t\t\t\t\t\t<\/div>\n\t\t\t\t<\/div>\n\t\t\t\t\t<\/div>\n\t\t\t\t<\/div>\n\t\t\t\t<\/div>","protected":false},"excerpt":{"rendered":"<p>::: PRESS RELEASES :::<\/p>","protected":false},"author":1,"featured_media":0,"parent":0,"menu_order":0,"comment_status":"closed","ping_status":"closed","template":"elementor_header_footer","meta":{"footnotes":""},"class_list":["post-851","page","type-page","status-publish","hentry"],"_links":{"self":[{"href":"https:\/\/dunaslivres.pt\/en\/wp-json\/wp\/v2\/pages\/851","targetHints":{"allow":["GET"]}}],"collection":[{"href":"https:\/\/dunaslivres.pt\/en\/wp-json\/wp\/v2\/pages"}],"about":[{"href":"https:\/\/dunaslivres.pt\/en\/wp-json\/wp\/v2\/types\/page"}],"author":[{"embeddable":true,"href":"https:\/\/dunaslivres.pt\/en\/wp-json\/wp\/v2\/users\/1"}],"replies":[{"embeddable":true,"href":"https:\/\/dunaslivres.pt\/en\/wp-json\/wp\/v2\/comments?post=851"}],"version-history":[{"count":19,"href":"https:\/\/dunaslivres.pt\/en\/wp-json\/wp\/v2\/pages\/851\/revisions"}],"predecessor-version":[{"id":1430,"href":"https:\/\/dunaslivres.pt\/en\/wp-json\/wp\/v2\/pages\/851\/revisions\/1430"}],"wp:attachment":[{"href":"https:\/\/dunaslivres.pt\/en\/wp-json\/wp\/v2\/media?parent=851"}],"curies":[{"name":"wp","href":"https:\/\/api.w.org\/{rel}","templated":true}]}}